{"id":2,"date":"2018-02-06T22:27:18","date_gmt":"2018-02-06T21:27:18","guid":{"rendered":"http:\/\/antoine-ciosi.com\/?page_id=2"},"modified":"2020-12-07T18:05:55","modified_gmt":"2020-12-07T17:05:55","slug":"biographie-antoine-ciosi","status":"publish","type":"page","link":"https:\/\/antoine-ciosi.com\/index.php\/biographie-antoine-ciosi\/","title":{"rendered":"Biographie"},"content":{"rendered":"<p class=\"p1\"><img data-recalc-dims=\"1\" loading=\"lazy\" decoding=\"async\" class=\" wp-image-86 alignleft\" src=\"https:\/\/i0.wp.com\/antoine-ciosi.com\/wp-content\/uploads\/2018\/02\/Venzolasca-300x152.jpg?resize=365%2C185\" alt=\"\" width=\"365\" height=\"185\" srcset=\"https:\/\/i0.wp.com\/antoine-ciosi.com\/wp-content\/uploads\/2018\/02\/Venzolasca.jpg?resize=300%2C152&amp;ssl=1 300w, https:\/\/i0.wp.com\/antoine-ciosi.com\/wp-content\/uploads\/2018\/02\/Venzolasca.jpg?resize=350%2C177&amp;ssl=1 350w, https:\/\/i0.wp.com\/antoine-ciosi.com\/wp-content\/uploads\/2018\/02\/Venzolasca.jpg?w=615&amp;ssl=1 615w\" sizes=\"auto, (max-width: 365px) 100vw, 365px\" \/>Antoine Ciosi est n\u00e9<span style=\"font-size: 1rem;\">e en 1931 \u00e0 Sorbo Ocagnano, petit village du Nord de l&rsquo;\u00eele. Son p\u00e8re \u00e9tait une figure importante du village, un paysan \u00ab progressiste \u00bb qui portait haut et fort sa fiert\u00e9 d\u2019\u00eatre Corse et ses convictions politiques. Mort pr\u00e9matur\u00e9ment, il laisse une famille de sept enfants. Sa veuve, Jeanne, devient le pilier in\u00e9branlable du foyer. Antoine ne cessera de lui rendre hommage. Destin\u00e9 \u00e0 devenir lui aussi un homme de la terre, le jeune berger se prend de passion pour le chant.<\/span><\/p>\n<p class=\"p1\">Ses premiers souvenirs le ram\u00e8nent au milieu des ch\u00e2taigniers du moulin de son grand-p\u00e8re o\u00f9 il \u00ab donnait de la voix \u00bb avec \u00e9motion. Cette passion devient la cl\u00e9 de vo\u00fbte de sa vie, sa raison de vivre. Quelques ann\u00e9es plus tard, comme pour la plupart des jeunes Corses, le service militaire lui donne l\u2019occasion de quitter l&rsquo;\u00cele pour \u201cmonter \u00e0 Paris\u201d. Il partage sa vie entre la caserne et les cours de chants qu\u2019il peut d\u00e9sormais s\u2019offrir.<\/p>\n<p class=\"p1\">Au milieu des ann\u00e9es 50, alors pr\u00eat pour vivre sa passion, il est engag\u00e9 au th\u00e9\u00e2tre Mogador dans une op\u00e9rette \u00e0 grand spectacle, \u00ab Naples aux baisers de feu \u00bb.<\/p>\n<p><img data-recalc-dims=\"1\" loading=\"lazy\" decoding=\"async\" class=\"size-medium wp-image-88 alignleft\" src=\"https:\/\/i0.wp.com\/antoine-ciosi.com\/wp-content\/uploads\/2018\/02\/Antoine-ciosi-operette-198x300.jpg?resize=198%2C300\" alt=\"\" width=\"198\" height=\"300\" srcset=\"https:\/\/i0.wp.com\/antoine-ciosi.com\/wp-content\/uploads\/2018\/02\/Antoine-ciosi-operette.jpg?resize=198%2C300&amp;ssl=1 198w, https:\/\/i0.wp.com\/antoine-ciosi.com\/wp-content\/uploads\/2018\/02\/Antoine-ciosi-operette.jpg?w=330&amp;ssl=1 330w\" sizes=\"auto, (max-width: 198px) 100vw, 198px\" \/><\/p>\n<p class=\"p1\">S\u2019ensuivent Sissi Imp\u00e9ratrice, La Belle H\u00e9l\u00e8ne \u2026 dont le public parisien raffole \u00e0 l\u2019\u00e9poque. Mais alors que les spectacles s&rsquo;encha\u00eenent, Antoine ne se sent pas dans son \u00e9l\u00e9ment ; l\u2019\u00e9motion n\u2019est pas l\u00e0. Il a pourtant atteint le but qu\u2019il s\u2019\u00e9tait fix\u00e9 en arrivant dans la capitale : il chante tous les soirs devant un public conquis, il vit de son art (modestement, mais il en vit). Cela ne lui suffit plus. Il tente alors une carri\u00e8re solo et, \u00e0 force de t\u00e9nacit\u00e9 et de pers\u00e9v\u00e9rance, il signe un contrat chez Barclay. Il fait un premier succ\u00e8s pour le grand plaisir de sa maison de disques, mais il n\u2019est toujours pas satisfait : il ressent un manque qu\u2019il n\u2019arrive pas \u00e0 cerner.<\/p>\n<p class=\"p1\">&nbsp;<img data-recalc-dims=\"1\" loading=\"lazy\" decoding=\"async\" class=\"aligncenter wp-image-90\" style=\"font-size: 1rem;\" src=\"https:\/\/i0.wp.com\/antoine-ciosi.com\/wp-content\/uploads\/2018\/02\/Antoine-Ciosi-Olympia-300x213.jpg?resize=525%2C373\" alt=\"\" width=\"525\" height=\"373\" srcset=\"https:\/\/i0.wp.com\/antoine-ciosi.com\/wp-content\/uploads\/2018\/02\/Antoine-Ciosi-Olympia.jpg?resize=300%2C213&amp;ssl=1 300w, https:\/\/i0.wp.com\/antoine-ciosi.com\/wp-content\/uploads\/2018\/02\/Antoine-Ciosi-Olympia.jpg?resize=350%2C249&amp;ssl=1 350w, https:\/\/i0.wp.com\/antoine-ciosi.com\/wp-content\/uploads\/2018\/02\/Antoine-Ciosi-Olympia.jpg?resize=768%2C546&amp;ssl=1 768w, https:\/\/i0.wp.com\/antoine-ciosi.com\/wp-content\/uploads\/2018\/02\/Antoine-Ciosi-Olympia.jpg?w=987&amp;ssl=1 987w\" sizes=\"auto, (max-width: 525px) 100vw, 525px\" \/><span style=\"font-size: 1rem;\">En 1<\/span><span style=\"font-size: 1rem;\">963, Bruno Coquatrix et Jacques Franchi, organisent \u00e0 l\u2019Olympia le premier festival de <\/span><span style=\"font-size: 1rem;\">la chanson corse. Une chanson, en langue corse, oubli\u00e9e au fond d\u2019un tiroir, va devenir le <\/span><span style=\"font-size: 1rem;\">d\u00e9clic de la vie d\u2019Antoine.<\/span><\/p>\n<p class=\"p1\">Alors \u00e9tiquet\u00e9 chanteur d\u2019op\u00e9rette, puis chanteur de vari\u00e9t\u00e9s, il se pr\u00e9sente n\u00e9anmoins au concours. Cette chanson qu\u2019il a choisie, il ne la chante pas seulement, il la vit sur sc\u00e8ne et emporte avec lui tout le public qui lui fait une ovation.<\/p>\n<p class=\"p1\"><img data-recalc-dims=\"1\" loading=\"lazy\" decoding=\"async\" class=\"size-medium wp-image-91 alignright\" src=\"https:\/\/i0.wp.com\/antoine-ciosi.com\/wp-content\/uploads\/2018\/02\/antoine-ciosi-olympia2-193x300.jpg?resize=193%2C300\" alt=\"\" width=\"193\" height=\"300\" srcset=\"https:\/\/i0.wp.com\/antoine-ciosi.com\/wp-content\/uploads\/2018\/02\/antoine-ciosi-olympia2.jpg?resize=193%2C300&amp;ssl=1 193w, https:\/\/i0.wp.com\/antoine-ciosi.com\/wp-content\/uploads\/2018\/02\/antoine-ciosi-olympia2.jpg?resize=350%2C545&amp;ssl=1 350w, https:\/\/i0.wp.com\/antoine-ciosi.com\/wp-content\/uploads\/2018\/02\/antoine-ciosi-olympia2.jpg?w=447&amp;ssl=1 447w\" sizes=\"auto, (max-width: 193px) 100vw, 193px\" \/>Cette chanson \u00ab Paese Spentu \u00bb, est l\u2019\u00e9mouvante histoire de ce village de montagne qui perd son \u00e2me au fur et \u00e0 mesure que les habitants le quittent et illustre parfaitement la disparition programm\u00e9e de la culture corse.<\/p>\n<p class=\"p1\">Le public ne s\u2019y est pas tromp\u00e9: l\u2019interpr\u00e9tation d\u2019Antoine est r\u00e9compens\u00e9e par le premier prix. D\u00e8s ce moment, Antoine Ciosi comprend que sa passion est la d\u00e9fense de son \u00eele, de sa culture, de ses traditions et que sa voix est son arme la plus efficace.<\/p>\n<p class=\"p1\">Les premiers succ\u00e8s s&rsquo;encha\u00eenent : U Tragulinu et le c\u00e9l\u00e8bre \u201cPrisonnier\u201d.<\/p>\n<p class=\"p1\">\u00c0 partir de cette \u00e9poque, Antoine consacre tout son temps \u00e0 faire vivre cette culture qui menace de dispara\u00eetre. Il parcourt son \u00cele de village en village. Il rencontre les \u00ab vieux \u00bb qui connaissent la Corse comme personne, discute, \u00e9coute, partage des moments de la vie quotidienne. Avec quelques amis, il cherche \u00e0 mettre en musique et en chanson cette culture paysanne que personne n\u2019avait vraiment mise en valeur.<\/p>\n<p class=\"p2\"><img data-recalc-dims=\"1\" loading=\"lazy\" decoding=\"async\" class=\"size-medium wp-image-95 alignleft\" src=\"https:\/\/i0.wp.com\/antoine-ciosi.com\/wp-content\/uploads\/2018\/02\/Antoine-Ciosi-Universita-300x198.jpg?resize=300%2C198\" alt=\"\" width=\"300\" height=\"198\" srcset=\"https:\/\/i0.wp.com\/antoine-ciosi.com\/wp-content\/uploads\/2018\/02\/Antoine-Ciosi-Universita.jpg?resize=300%2C198&amp;ssl=1 300w, https:\/\/i0.wp.com\/antoine-ciosi.com\/wp-content\/uploads\/2018\/02\/Antoine-Ciosi-Universita.jpg?resize=350%2C232&amp;ssl=1 350w, https:\/\/i0.wp.com\/antoine-ciosi.com\/wp-content\/uploads\/2018\/02\/Antoine-Ciosi-Universita.jpg?w=700&amp;ssl=1 700w\" sizes=\"auto, (max-width: 300px) 100vw, 300px\" \/>Lorsque le mouvement identitaire appara\u00eet en Corse, dans le milieu des ann\u00e9es 70, certains utilisent des moyens radicaux pour faire entendre leurs id\u00e9es. Antoine lui, garde sa ligne pour d\u00e9fendre les th\u00e8mes li\u00e9s aux profondeurs de la culture ancestrale. Par son intervention d\u2019artiste, il soutient les jeunes qui revendiquent la r\u00e9habilitation de l\u2019universit\u00e9 de Corse : L\u2019Universit\u00e0 di Corti. La r\u00e9volution n\u2019est pas une histoire de fait d\u2019armes mais bien un \u00e9tat d\u2019esprit, celui qui anime ce fils de militant communiste depuis sa plus tendre enfance.<\/p>\n<p class=\"p2\"><img data-recalc-dims=\"1\" loading=\"lazy\" decoding=\"async\" class=\"size-medium wp-image-97 alignright\" src=\"https:\/\/i0.wp.com\/antoine-ciosi.com\/wp-content\/uploads\/2018\/02\/Antoine-ciosi-village-181x300.jpg?resize=181%2C300\" alt=\"\" width=\"181\" height=\"300\" srcset=\"https:\/\/i0.wp.com\/antoine-ciosi.com\/wp-content\/uploads\/2018\/02\/Antoine-ciosi-village.jpg?resize=181%2C300&amp;ssl=1 181w, https:\/\/i0.wp.com\/antoine-ciosi.com\/wp-content\/uploads\/2018\/02\/Antoine-ciosi-village.jpg?resize=350%2C580&amp;ssl=1 350w, https:\/\/i0.wp.com\/antoine-ciosi.com\/wp-content\/uploads\/2018\/02\/Antoine-ciosi-village.jpg?w=362&amp;ssl=1 362w\" sizes=\"auto, (max-width: 181px) 100vw, 181px\" \/>Au fil des ann\u00e9es, Antoine Ciosi se fait l&rsquo;interpr\u00e8te de chansons qui marqueront les esprits., comme celles des fr\u00e8res Vincenti ou de Tintin Pasqualini. Ses albums conceptuels, o\u00f9 chaque titre est pr\u00e9c\u00e9d\u00e9 d\u2019un petit texte parl\u00e9, conna\u00eetront un grand succ\u00e8s. Il compose \u00e9galement, en compagnie de Philippe Marfisi, la musique de plus de 50 chansons. Il tourne aussi beaucoup. Sur l&rsquo;\u00cele d\u2019abord, o\u00f9 ses concerts sur les places de village deviennent incontournables. Sur le Continent, avec des spectacles o\u00f9 les Corses et amis de la Corse viennent se ressourcer, (notamment r\u00e9citals \u00e0 l\u2019Olympia en 1981, 1983 et 1986), et \u00e0 l\u2019\u00e9tranger (Suisse, Belgique, Italie, Allemagne).<\/p>\n<p class=\"p1\">En 1989, il cr\u00e9e \u00ab Canti di a Libert\u00e0 \u00bb (Les Chants de la Libert\u00e9), o\u00f9 il rend hommage aux R\u00e9sistants corses qui ont fait de l&rsquo;\u00cele, en octobre 1943, le premier d\u00e9partement lib\u00e9r\u00e9. En 2015, Il participe, en tant que conteur et chanteur, \u00e0 l\u2019album Corsu Mezu Mezu de Patrick Fiori.<\/p>\n<p class=\"p1\"><img data-recalc-dims=\"1\" loading=\"lazy\" decoding=\"async\" class=\"size-medium wp-image-94 alignleft\" src=\"https:\/\/i0.wp.com\/antoine-ciosi.com\/wp-content\/uploads\/2018\/02\/Ciosi-family-300x286.jpg?resize=300%2C286\" alt=\"\" width=\"300\" height=\"286\" srcset=\"https:\/\/i0.wp.com\/antoine-ciosi.com\/wp-content\/uploads\/2018\/02\/Ciosi-family.jpg?resize=300%2C286&amp;ssl=1 300w, https:\/\/i0.wp.com\/antoine-ciosi.com\/wp-content\/uploads\/2018\/02\/Ciosi-family.jpg?resize=350%2C333&amp;ssl=1 350w, https:\/\/i0.wp.com\/antoine-ciosi.com\/wp-content\/uploads\/2018\/02\/Ciosi-family.jpg?w=400&amp;ssl=1 400w\" sizes=\"auto, (max-width: 300px) 100vw, 300px\" \/>Depuis le milieu des ann\u00e9es 90, Antoine Ciosi a le bonheur d\u2019\u00eatre accompagn\u00e9 par son fils J\u00e9r\u00f4me (\u00e9galement accompagnateur de Thomas Dutronc), en qui il trouve un soutien ind\u00e9fectible \u00e0 tous ses projets artistiques.<\/p>\n<p class=\"p1\">Antoine Ciosi a su s\u2019entourer d\u2019artistes insulaires, \u00e9crivains, po\u00e8tes, compositeurs et musiciens, tous anim\u00e9s par la m\u00eame conviction. Apr\u00e8s avoir chant\u00e9 les mots des autres, Antoine a voulu adopter ses propres mots ; il a pris go\u00fbt \u00e0 l\u2019\u00e9criture. Ainsi est n\u00e9 \u00ab Une Odeur de Figuier Sauvage \u00bb, suivi de \u00ab Le Chemin des Sources Profondes \u00bb, (Albin Michel) \u2013 \u00ab Chants d\u2019une Terre \u00bb (DCL \u00e9ditions) \u2013 \u00ab Una Mamma \u00bb (Livre disque en langue corse \u2013 Casa Editions) Prix du livre Corse en 2012 \u2013 \u00ab L&rsquo;\u00c9toile de Mo\u00efse Namani\u00bb (Editions Fior di Carta) bilingue Corse\/Fran\u00e7ais, qui d\u00e9voile le lien fort qui existe entre Corses et Juifs, en retra\u00e7ant l\u2019\u00e9pop\u00e9e d\u2019un jeune Juif de Palestine arriv\u00e9 en 1920 Corse o\u00f9 il r\u00e9alisera sa vie et dont le fils deviendra un homme d\u2019affaires exceptionnel.<\/p>\n<p class=\"p3\"><em><strong>Apr\u00e8s plus de cinquante ans de carri\u00e8re, Antoine est toujours aussi passionn\u00e9 qu\u2019au premier jour, mais les ann\u00e9es sont l\u00e0 et il souhaite entamer son Ultimu Giru. Pour cette derni\u00e8re tourn\u00e9e, il a d\u00e9cid\u00e9 de s\u2019entourer de ses amis de toujours et de ces nouveaux talents, qui porteront demain les couleurs de l\u2019identit\u00e9 corse.<\/strong><\/em><\/p>\n<p class=\"p1\">\n","protected":false},"excerpt":{"rendered":"<p>Antoine Ciosi est n\u00e9e en 1931 \u00e0 Sorbo Ocagnano, petit village du Nord de l&rsquo;\u00eele. Son p\u00e8re \u00e9tait une figure importante du village, un paysan \u00ab progressiste \u00bb qui portait haut et fort sa fiert\u00e9 d\u2019\u00eatre Corse et ses convictions politiques. Mort pr\u00e9matur\u00e9ment, il laisse une famille de sept enfants. Sa veuve, Jeanne, devient le &hellip; <\/p>\n<p class=\"link-more\"><a href=\"https:\/\/antoine-ciosi.com\/index.php\/biographie-antoine-ciosi\/\" class=\"more-link\">Continuer la lecture<span class=\"screen-reader-text\"> de &laquo;&nbsp;Biographie&nbsp;&raquo;<\/span><\/a><\/p>\n","protected":false},"author":1,"featured_media":64,"parent":0,"menu_order":1,"comment_status":"closed","ping_status":"open","template":"","meta":{"jetpack_post_was_ever_published":false,"footnotes":""},"class_list":["post-2","page","type-page","status-publish","has-post-thumbnail","hentry"],"yoast_head":"<!-- This site is optimized with the Yoast SEO plugin v16.7 - https:\/\/yoast.com\/wordpress\/plugins\/seo\/ -->\n<title>Biographie - Antoine CIOSI<\/title>\n<meta name=\"description\" content=\"Chanteur embl\u00e9matique de la Corse, Antoine Ciosi a parcouru son \u00eele pour comprendre et transmettre sa culture \u00e0 la nouvelle g\u00e9n\u00e9ration.\" \/>\n<meta name=\"robots\" content=\"index, follow, max-snippet:-1, max-image-preview:large, max-video-preview:-1\" \/>\n<link rel=\"canonical\" href=\"https:\/\/antoine-ciosi.com\/index.php\/biographie-antoine-ciosi\/\" \/>\n<meta property=\"og:locale\" content=\"fr_FR\" \/>\n<meta property=\"og:type\" content=\"article\" \/>\n<meta property=\"og:title\" content=\"Biographie - Antoine CIOSI\" \/>\n<meta property=\"og:description\" content=\"Chanteur embl\u00e9matique de la Corse, Antoine Ciosi a parcouru son \u00eele pour comprendre et transmettre sa culture \u00e0 la nouvelle g\u00e9n\u00e9ration.\" \/>\n<meta property=\"og:url\" content=\"https:\/\/antoine-ciosi.com\/index.php\/biographie-antoine-ciosi\/\" \/>\n<meta property=\"og:site_name\" content=\"Antoine CIOSI\" \/>\n<meta property=\"article:modified_time\" content=\"2020-12-07T17:05:55+00:00\" \/>\n<meta property=\"og:image\" content=\"http:\/\/antoine-ciosi.com\/wp-content\/uploads\/2018\/02\/ciosi-willy.jpg\" \/>\n\t<meta property=\"og:image:width\" content=\"2000\" \/>\n\t<meta property=\"og:image:height\" content=\"1200\" \/>\n<meta name=\"twitter:card\" content=\"summary_large_image\" \/>\n<meta name=\"twitter:label1\" content=\"Dur\u00e9e de lecture est.\" \/>\n\t<meta name=\"twitter:data1\" content=\"5 minutes\" \/>\n<script type=\"application\/ld+json\" class=\"yoast-schema-graph\">{\"@context\":\"https:\/\/schema.org\",\"@graph\":[{\"@type\":\"WebSite\",\"@id\":\"https:\/\/antoine-ciosi.com\/#website\",\"url\":\"https:\/\/antoine-ciosi.com\/\",\"name\":\"Antoine CIOSI\",\"description\":\"Nouvel Album - Babbu \\u00e8 Figliolu - En vente d\\u00e8s maintenant\",\"potentialAction\":[{\"@type\":\"SearchAction\",\"target\":{\"@type\":\"EntryPoint\",\"urlTemplate\":\"https:\/\/antoine-ciosi.com\/?s={search_term_string}\"},\"query-input\":\"required name=search_term_string\"}],\"inLanguage\":\"fr-FR\"},{\"@type\":\"ImageObject\",\"@id\":\"https:\/\/antoine-ciosi.com\/index.php\/biographie-antoine-ciosi\/#primaryimage\",\"inLanguage\":\"fr-FR\",\"url\":\"https:\/\/i0.wp.com\/antoine-ciosi.com\/wp-content\/uploads\/2018\/02\/ciosi-willy.jpg?fit=2000%2C1200&ssl=1\",\"contentUrl\":\"https:\/\/i0.wp.com\/antoine-ciosi.com\/wp-content\/uploads\/2018\/02\/ciosi-willy.jpg?fit=2000%2C1200&ssl=1\",\"width\":2000,\"height\":1200},{\"@type\":\"WebPage\",\"@id\":\"https:\/\/antoine-ciosi.com\/index.php\/biographie-antoine-ciosi\/#webpage\",\"url\":\"https:\/\/antoine-ciosi.com\/index.php\/biographie-antoine-ciosi\/\",\"name\":\"Biographie - Antoine CIOSI\",\"isPartOf\":{\"@id\":\"https:\/\/antoine-ciosi.com\/#website\"},\"primaryImageOfPage\":{\"@id\":\"https:\/\/antoine-ciosi.com\/index.php\/biographie-antoine-ciosi\/#primaryimage\"},\"datePublished\":\"2018-02-06T21:27:18+00:00\",\"dateModified\":\"2020-12-07T17:05:55+00:00\",\"description\":\"Chanteur embl\\u00e9matique de la Corse, Antoine Ciosi a parcouru son \\u00eele pour comprendre et transmettre sa culture \\u00e0 la nouvelle g\\u00e9n\\u00e9ration.\",\"breadcrumb\":{\"@id\":\"https:\/\/antoine-ciosi.com\/index.php\/biographie-antoine-ciosi\/#breadcrumb\"},\"inLanguage\":\"fr-FR\",\"potentialAction\":[{\"@type\":\"ReadAction\",\"target\":[\"https:\/\/antoine-ciosi.com\/index.php\/biographie-antoine-ciosi\/\"]}]},{\"@type\":\"BreadcrumbList\",\"@id\":\"https:\/\/antoine-ciosi.com\/index.php\/biographie-antoine-ciosi\/#breadcrumb\",\"itemListElement\":[{\"@type\":\"ListItem\",\"position\":1,\"name\":\"Accueil\",\"item\":\"https:\/\/antoine-ciosi.com\/\"},{\"@type\":\"ListItem\",\"position\":2,\"name\":\"Biographie\"}]}]}<\/script>\n<!-- \/ Yoast SEO plugin. -->","yoast_head_json":{"title":"Biographie - Antoine CIOSI","description":"Chanteur embl\u00e9matique de la Corse, Antoine Ciosi a parcouru son \u00eele pour comprendre et transmettre sa culture \u00e0 la nouvelle g\u00e9n\u00e9ration.","robots":{"index":"index","follow":"follow","max-snippet":"max-snippet:-1","max-image-preview":"max-image-preview:large","max-video-preview":"max-video-preview:-1"},"canonical":"https:\/\/antoine-ciosi.com\/index.php\/biographie-antoine-ciosi\/","og_locale":"fr_FR","og_type":"article","og_title":"Biographie - Antoine CIOSI","og_description":"Chanteur embl\u00e9matique de la Corse, Antoine Ciosi a parcouru son \u00eele pour comprendre et transmettre sa culture \u00e0 la nouvelle g\u00e9n\u00e9ration.","og_url":"https:\/\/antoine-ciosi.com\/index.php\/biographie-antoine-ciosi\/","og_site_name":"Antoine CIOSI","article_modified_time":"2020-12-07T17:05:55+00:00","og_image":[{"width":2000,"height":1200,"url":"http:\/\/antoine-ciosi.com\/wp-content\/uploads\/2018\/02\/ciosi-willy.jpg","path":"\/home\/antoinectp\/www\/wp-content\/uploads\/2018\/02\/ciosi-willy.jpg","size":"full","id":64,"alt":"","pixels":2400000,"type":"image\/jpeg"}],"twitter_card":"summary_large_image","twitter_misc":{"Dur\u00e9e de lecture est.":"5 minutes"},"schema":{"@context":"https:\/\/schema.org","@graph":[{"@type":"WebSite","@id":"https:\/\/antoine-ciosi.com\/#website","url":"https:\/\/antoine-ciosi.com\/","name":"Antoine CIOSI","description":"Nouvel Album - Babbu \u00e8 Figliolu - En vente d\u00e8s maintenant","potentialAction":[{"@type":"SearchAction","target":{"@type":"EntryPoint","urlTemplate":"https:\/\/antoine-ciosi.com\/?s={search_term_string}"},"query-input":"required name=search_term_string"}],"inLanguage":"fr-FR"},{"@type":"ImageObject","@id":"https:\/\/antoine-ciosi.com\/index.php\/biographie-antoine-ciosi\/#primaryimage","inLanguage":"fr-FR","url":"https:\/\/i0.wp.com\/antoine-ciosi.com\/wp-content\/uploads\/2018\/02\/ciosi-willy.jpg?fit=2000%2C1200&ssl=1","contentUrl":"https:\/\/i0.wp.com\/antoine-ciosi.com\/wp-content\/uploads\/2018\/02\/ciosi-willy.jpg?fit=2000%2C1200&ssl=1","width":2000,"height":1200},{"@type":"WebPage","@id":"https:\/\/antoine-ciosi.com\/index.php\/biographie-antoine-ciosi\/#webpage","url":"https:\/\/antoine-ciosi.com\/index.php\/biographie-antoine-ciosi\/","name":"Biographie - Antoine CIOSI","isPartOf":{"@id":"https:\/\/antoine-ciosi.com\/#website"},"primaryImageOfPage":{"@id":"https:\/\/antoine-ciosi.com\/index.php\/biographie-antoine-ciosi\/#primaryimage"},"datePublished":"2018-02-06T21:27:18+00:00","dateModified":"2020-12-07T17:05:55+00:00","description":"Chanteur embl\u00e9matique de la Corse, Antoine Ciosi a parcouru son \u00eele pour comprendre et transmettre sa culture \u00e0 la nouvelle g\u00e9n\u00e9ration.","breadcrumb":{"@id":"https:\/\/antoine-ciosi.com\/index.php\/biographie-antoine-ciosi\/#breadcrumb"},"inLanguage":"fr-FR","potentialAction":[{"@type":"ReadAction","target":["https:\/\/antoine-ciosi.com\/index.php\/biographie-antoine-ciosi\/"]}]},{"@type":"BreadcrumbList","@id":"https:\/\/antoine-ciosi.com\/index.php\/biographie-antoine-ciosi\/#breadcrumb","itemListElement":[{"@type":"ListItem","position":1,"name":"Accueil","item":"https:\/\/antoine-ciosi.com\/"},{"@type":"ListItem","position":2,"name":"Biographie"}]}]}},"jetpack_sharing_enabled":true,"jetpack_shortlink":"https:\/\/wp.me\/P9DxBu-2","_links":{"self":[{"href":"https:\/\/antoine-ciosi.com\/index.php\/wp-json\/wp\/v2\/pages\/2","targetHints":{"allow":["GET"]}}],"collection":[{"href":"https:\/\/antoine-ciosi.com\/index.php\/wp-json\/wp\/v2\/pages"}],"about":[{"href":"https:\/\/antoine-ciosi.com\/index.php\/wp-json\/wp\/v2\/types\/page"}],"author":[{"embeddable":true,"href":"https:\/\/antoine-ciosi.com\/index.php\/wp-json\/wp\/v2\/users\/1"}],"replies":[{"embeddable":true,"href":"https:\/\/antoine-ciosi.com\/index.php\/wp-json\/wp\/v2\/comments?post=2"}],"version-history":[{"count":17,"href":"https:\/\/antoine-ciosi.com\/index.php\/wp-json\/wp\/v2\/pages\/2\/revisions"}],"predecessor-version":[{"id":851,"href":"https:\/\/antoine-ciosi.com\/index.php\/wp-json\/wp\/v2\/pages\/2\/revisions\/851"}],"wp:featuredmedia":[{"embeddable":true,"href":"https:\/\/antoine-ciosi.com\/index.php\/wp-json\/wp\/v2\/media\/64"}],"wp:attachment":[{"href":"https:\/\/antoine-ciosi.com\/index.php\/wp-json\/wp\/v2\/media?parent=2"}],"curies":[{"name":"wp","href":"https:\/\/api.w.org\/{rel}","templated":true}]}}