{"id":514,"date":"2020-09-01T19:17:22","date_gmt":"2020-09-01T17:17:22","guid":{"rendered":"http:\/\/antoine-ciosi.com\/?post_type=product&#038;p=514"},"modified":"2025-03-21T08:42:41","modified_gmt":"2025-03-21T07:42:41","slug":"duetti","status":"publish","type":"product","link":"https:\/\/antoine-ciosi.com\/index.php\/produit\/duetti\/","title":{"rendered":"Double Album \u00ab\u00a0DUETTI \u00ab\u00a0"},"content":{"rendered":"<p class=\"p1\"><b>Antoine Ciosi a vou\u00e9 sa vie enti\u00e8re \u00e0 cette expression de la culture si sp\u00e9cifi<\/b><b>que et intense du peuple Corse, le chant.<br \/>\nExtraits:<\/b><\/p>\n<p><iframe loading=\"lazy\" title=\"Antoine Ciosi - Album &quot;Duetti&quot; - Extraits\" width=\"525\" height=\"394\" src=\"https:\/\/www.youtube.com\/embed\/ExRJ-3jc450?feature=oembed\" frameborder=\"0\" allow=\"accelerometer; autoplay; clipboard-write; encrypted-media; gyroscope; picture-in-picture; web-share\" referrerpolicy=\"strict-origin-when-cross-origin\" allowfullscreen><\/iframe><\/p>\n<p class=\"p2\">DUETTI est un prolongement des adieux d\u2019Antoine Ciosi \u00e0 la sc\u00e8ne, initi\u00e9s aux Folies Berg\u00e8re entour\u00e9 de ses amis.<\/p>\n<p class=\"p2\">Pour ce nouvel album, Antoine Ciosi a souhait\u00e9 revisiter sa longue carri\u00e8re discographique en r\u00e9unissant toutes les g\u00e9n\u00e9rations de chanteurs corses autour de son r\u00e9pertoire.<\/p>\n<p class=\"p2\">Il a choisi de transmettre sa passion pour son \u00eele et pour le chant \u00e0 de jeunes espoirs corses. Ensemble, il reprennent des chansons phares de sa carri\u00e8re, abordant des th\u00e8mes profond\u00e9ment ancr\u00e9s dans la culture corse.<\/p>\n<p class=\"p2\">De grands noms comme I Muvrini, Jean-Paul Poletti,<span class=\"Apple-converted-space\">\u00a0 <\/span>Jean-Claude Acquaviva de A Filetta ou encore Patrick Fiori, sont \u00e9galement venus partager des moments d\u2019intenses \u00e9motions et d\u2019amiti\u00e9.<\/p>\n<p class=\"p2\"><b>Avec l&rsquo;aide de ses \u00ab\u00a0fr\u00e8res et s\u0153urs\u00a0\u00bb artistes, Antoine Ciosi souhaite offrir \u00e0 la Corse un message d&rsquo;espoir et de fraternit\u00e9, en passant le flambeau aux nouvelles g\u00e9n\u00e9rations.<\/b><\/p>\n<p class=\"p1\">21 artistes se sont joints au projet DUETTI:\u00a0 I Muvrini, Patrick Fiori, Fel\u00ec, Jean-Claude Acquaviva\u00a0 (A Filetta),\u00a0 Jean-Paul Poletti, Maxime Merlandi (Barbara Furtuna), Jean-Pierre Marcellesi, Jean-Charles Papi, Tao-by, Diana Saliceti, Lea Antona, Doria Ousset, Christophe Mondoloni, Jean-Vincent Servetto, Franc\u00e8 Zito, Jean-Luc Geronimi, Arnaud Giacomoni,\u00a0 Anghjula Potentini, <span class=\"Apple-converted-space\">\u00a0<\/span>Jean-Louis Simonpieri, J\u00e9r\u00f4me Ferrari, Andria Aitelli<\/p>\n<p class=\"p1\"><strong>Chacun des 27 titres ont \u00e9t\u00e9 enti\u00e8rement revisit\u00e9s, tant dans l&rsquo;interpr\u00e9tation vocale que dans les arrangements.<\/strong><\/p>\n<p><em><strong>Tous les extraits:<br \/>\n<\/strong><\/em>CD1:<\/p>\n<table>\n<tbody>\n<tr>\n<td>1 &#8211; EO SO &#8211; Avec Feli<\/td>\n<td><!--[if lt IE 9]><script>document.createElement('audio');<\/script><![endif]-->\n<audio class=\"wp-audio-shortcode\" id=\"audio-514-1\" preload=\"none\" style=\"width: 100%;\" controls=\"controls\"><source type=\"audio\/mpeg\" src=\"http:\/\/antoine-ciosi.com\/wp-content\/uploads\/2020\/09\/CD1-1-EO-SO.mp3?_=1\" \/><a href=\"http:\/\/antoine-ciosi.com\/wp-content\/uploads\/2020\/09\/CD1-1-EO-SO.mp3\">http:\/\/antoine-ciosi.com\/wp-content\/uploads\/2020\/09\/CD1-1-EO-SO.mp3<\/a><\/audio><\/td>\n<\/tr>\n<tr>\n<td>2 &#8211;\u00a0 TRAGULINU avec Jean-Luc Geronimi<\/td>\n<td><audio class=\"wp-audio-shortcode\" id=\"audio-514-2\" preload=\"none\" style=\"width: 100%;\" controls=\"controls\"><source type=\"audio\/mpeg\" src=\"http:\/\/antoine-ciosi.com\/wp-content\/uploads\/2020\/09\/CD1-2-TRAGULINU-1.mp3?_=2\" \/><a href=\"http:\/\/antoine-ciosi.com\/wp-content\/uploads\/2020\/09\/CD1-2-TRAGULINU-1.mp3\">http:\/\/antoine-ciosi.com\/wp-content\/uploads\/2020\/09\/CD1-2-TRAGULINU-1.mp3<\/a><\/audio><\/td>\n<\/tr>\n<tr>\n<td><span style=\"font-weight: 400;\">3- CORSU avec A.Giacomoni, C. Mondoloni, D.Ousset, JL Simonpieri, L.Antona, Feli, JC Papi, M.Merlandi, F. Zito, JP Marcellesi<\/span><\/td>\n<td><audio class=\"wp-audio-shortcode\" id=\"audio-514-3\" preload=\"none\" style=\"width: 100%;\" controls=\"controls\"><source type=\"audio\/mpeg\" src=\"http:\/\/antoine-ciosi.com\/wp-content\/uploads\/2020\/09\/CD1-3-CORSU.mp3?_=3\" \/><a href=\"http:\/\/antoine-ciosi.com\/wp-content\/uploads\/2020\/09\/CD1-3-CORSU.mp3\">http:\/\/antoine-ciosi.com\/wp-content\/uploads\/2020\/09\/CD1-3-CORSU.mp3<\/a><\/audio><\/td>\n<\/tr>\n<tr>\n<td><span style=\"font-weight: 400;\">4- UN BATTELLU CHI PASSA avec Arnaud Giacomoni<\/span><\/td>\n<td><audio class=\"wp-audio-shortcode\" id=\"audio-514-4\" preload=\"none\" style=\"width: 100%;\" controls=\"controls\"><source type=\"audio\/mpeg\" src=\"http:\/\/antoine-ciosi.com\/wp-content\/uploads\/2020\/09\/CD1-4-UN-BATTELLU-CHI-PASSA.mp3?_=4\" \/><a href=\"http:\/\/antoine-ciosi.com\/wp-content\/uploads\/2020\/09\/CD1-4-UN-BATTELLU-CHI-PASSA.mp3\">http:\/\/antoine-ciosi.com\/wp-content\/uploads\/2020\/09\/CD1-4-UN-BATTELLU-CHI-PASSA.mp3<\/a><\/audio><\/td>\n<\/tr>\n<tr>\n<td><span style=\"font-weight: 400;\">5 KALLISTE avec Jean-Charles Papi<\/span><\/td>\n<td><audio class=\"wp-audio-shortcode\" id=\"audio-514-5\" preload=\"none\" style=\"width: 100%;\" controls=\"controls\"><source type=\"audio\/mpeg\" src=\"http:\/\/antoine-ciosi.com\/wp-content\/uploads\/2020\/09\/CD1-5-KALLISTE.mp3?_=5\" \/><a href=\"http:\/\/antoine-ciosi.com\/wp-content\/uploads\/2020\/09\/CD1-5-KALLISTE.mp3\">http:\/\/antoine-ciosi.com\/wp-content\/uploads\/2020\/09\/CD1-5-KALLISTE.mp3<\/a><\/audio><\/td>\n<\/tr>\n<tr>\n<td><span style=\"font-weight: 400;\">6- CI S\u00cc T\u00d9 avec L\u00e9a Antona<\/span><\/td>\n<td><audio class=\"wp-audio-shortcode\" id=\"audio-514-6\" preload=\"none\" style=\"width: 100%;\" controls=\"controls\"><source type=\"audio\/mpeg\" src=\"http:\/\/antoine-ciosi.com\/wp-content\/uploads\/2020\/09\/CD1-6-CI-SI-TU.mp3?_=6\" \/><a href=\"http:\/\/antoine-ciosi.com\/wp-content\/uploads\/2020\/09\/CD1-6-CI-SI-TU.mp3\">http:\/\/antoine-ciosi.com\/wp-content\/uploads\/2020\/09\/CD1-6-CI-SI-TU.mp3<\/a><\/audio><\/td>\n<\/tr>\n<tr>\n<td><span style=\"font-weight: 400;\">7- LE PRISONNIER avec Franc\u00e8 Zito<\/span><\/td>\n<td><audio class=\"wp-audio-shortcode\" id=\"audio-514-7\" preload=\"none\" style=\"width: 100%;\" controls=\"controls\"><source type=\"audio\/mpeg\" src=\"http:\/\/antoine-ciosi.com\/wp-content\/uploads\/2020\/09\/CD1-7-LE-PRISONNIER.mp3?_=7\" \/><a href=\"http:\/\/antoine-ciosi.com\/wp-content\/uploads\/2020\/09\/CD1-7-LE-PRISONNIER.mp3\">http:\/\/antoine-ciosi.com\/wp-content\/uploads\/2020\/09\/CD1-7-LE-PRISONNIER.mp3<\/a><\/audio><\/td>\n<\/tr>\n<tr>\n<td><span style=\"font-weight: 400;\">8- SPARTIMENTI avec Doria Ousset<\/span><\/td>\n<td><audio class=\"wp-audio-shortcode\" id=\"audio-514-8\" preload=\"none\" style=\"width: 100%;\" controls=\"controls\"><source type=\"audio\/mpeg\" src=\"http:\/\/antoine-ciosi.com\/wp-content\/uploads\/2020\/09\/CD1-8-SPARTIMENTI.mp3?_=8\" \/><a href=\"http:\/\/antoine-ciosi.com\/wp-content\/uploads\/2020\/09\/CD1-8-SPARTIMENTI.mp3\">http:\/\/antoine-ciosi.com\/wp-content\/uploads\/2020\/09\/CD1-8-SPARTIMENTI.mp3<\/a><\/audio><\/td>\n<\/tr>\n<tr>\n<td><span style=\"font-weight: 400;\">9- RITORNU avec Jean-Vincent Servetto<\/span><\/td>\n<td><audio class=\"wp-audio-shortcode\" id=\"audio-514-9\" preload=\"none\" style=\"width: 100%;\" controls=\"controls\"><source type=\"audio\/mpeg\" src=\"http:\/\/antoine-ciosi.com\/wp-content\/uploads\/2020\/09\/CD1-9-RITORNU.mp3?_=9\" \/><a href=\"http:\/\/antoine-ciosi.com\/wp-content\/uploads\/2020\/09\/CD1-9-RITORNU.mp3\">http:\/\/antoine-ciosi.com\/wp-content\/uploads\/2020\/09\/CD1-9-RITORNU.mp3<\/a><\/audio><\/td>\n<\/tr>\n<tr>\n<td><span style=\"font-weight: 400;\">10- SCI\u00d9 GALL\u00d2 avec Tao-By<\/span><\/td>\n<td><audio class=\"wp-audio-shortcode\" id=\"audio-514-10\" preload=\"none\" style=\"width: 100%;\" controls=\"controls\"><source type=\"audio\/mpeg\" src=\"http:\/\/antoine-ciosi.com\/wp-content\/uploads\/2020\/09\/CD1-10-SCIU-GALLO.mp3?_=10\" \/><a href=\"http:\/\/antoine-ciosi.com\/wp-content\/uploads\/2020\/09\/CD1-10-SCIU-GALLO.mp3\">http:\/\/antoine-ciosi.com\/wp-content\/uploads\/2020\/09\/CD1-10-SCIU-GALLO.mp3<\/a><\/audio><\/td>\n<\/tr>\n<tr>\n<td><span style=\"font-weight: 400;\">11- ULTIMA STRINTA avec Diana Saliceti<\/span><\/td>\n<td><audio class=\"wp-audio-shortcode\" id=\"audio-514-11\" preload=\"none\" style=\"width: 100%;\" controls=\"controls\"><source type=\"audio\/mpeg\" src=\"http:\/\/antoine-ciosi.com\/wp-content\/uploads\/2020\/09\/CD1-11-ULTIMA-STRINTA.mp3?_=11\" \/><a href=\"http:\/\/antoine-ciosi.com\/wp-content\/uploads\/2020\/09\/CD1-11-ULTIMA-STRINTA.mp3\">http:\/\/antoine-ciosi.com\/wp-content\/uploads\/2020\/09\/CD1-11-ULTIMA-STRINTA.mp3<\/a><\/audio><\/td>\n<\/tr>\n<tr>\n<td><span style=\"font-weight: 400;\">12- I STRADAGHJI avec Maxime Merlandi<\/span><\/td>\n<td><audio class=\"wp-audio-shortcode\" id=\"audio-514-12\" preload=\"none\" style=\"width: 100%;\" controls=\"controls\"><source type=\"audio\/mpeg\" src=\"http:\/\/antoine-ciosi.com\/wp-content\/uploads\/2020\/09\/CD1-12-I-STRADAGHJI.mp3?_=12\" \/><a href=\"http:\/\/antoine-ciosi.com\/wp-content\/uploads\/2020\/09\/CD1-12-I-STRADAGHJI.mp3\">http:\/\/antoine-ciosi.com\/wp-content\/uploads\/2020\/09\/CD1-12-I-STRADAGHJI.mp3<\/a><\/audio><\/td>\n<\/tr>\n<tr>\n<td><span style=\"font-weight: 400;\">13- L&rsquo;OMBRE avec J\u00e9r\u00f4me Ferrari<\/span><\/td>\n<td><audio class=\"wp-audio-shortcode\" id=\"audio-514-13\" preload=\"none\" style=\"width: 100%;\" controls=\"controls\"><source type=\"audio\/mpeg\" src=\"http:\/\/antoine-ciosi.com\/wp-content\/uploads\/2020\/09\/CD1-13-L_OMBRE.mp3?_=13\" \/><a href=\"http:\/\/antoine-ciosi.com\/wp-content\/uploads\/2020\/09\/CD1-13-L_OMBRE.mp3\">http:\/\/antoine-ciosi.com\/wp-content\/uploads\/2020\/09\/CD1-13-L_OMBRE.mp3<\/a><\/audio><\/td>\n<\/tr>\n<\/tbody>\n<\/table>\n<p>CD2:<\/p>\n<table>\n<tbody>\n<tr>\n<td><span style=\"font-weight: 400;\">1- U LAMENTU DI A RENA avec Jean-Vincent Servetto<\/span><\/td>\n<td><audio class=\"wp-audio-shortcode\" id=\"audio-514-14\" preload=\"none\" style=\"width: 100%;\" controls=\"controls\"><source type=\"audio\/mpeg\" src=\"http:\/\/antoine-ciosi.com\/wp-content\/uploads\/2020\/09\/CD2-1-U-LAMENTU-DI-A-RENA.mp3?_=14\" \/><a href=\"http:\/\/antoine-ciosi.com\/wp-content\/uploads\/2020\/09\/CD2-1-U-LAMENTU-DI-A-RENA.mp3\">http:\/\/antoine-ciosi.com\/wp-content\/uploads\/2020\/09\/CD2-1-U-LAMENTU-DI-A-RENA.mp3<\/a><\/audio><\/td>\n<\/tr>\n<tr>\n<td><span style=\"font-weight: 400;\">2- CASA ANTICA avec Jean-Claude Acquaviva<\/span><\/td>\n<td><audio class=\"wp-audio-shortcode\" id=\"audio-514-15\" preload=\"none\" style=\"width: 100%;\" controls=\"controls\"><source type=\"audio\/mpeg\" src=\"http:\/\/antoine-ciosi.com\/wp-content\/uploads\/2020\/09\/CD2-2-CASA-ANTICA.mp3?_=15\" \/><a href=\"http:\/\/antoine-ciosi.com\/wp-content\/uploads\/2020\/09\/CD2-2-CASA-ANTICA.mp3\">http:\/\/antoine-ciosi.com\/wp-content\/uploads\/2020\/09\/CD2-2-CASA-ANTICA.mp3<\/a><\/audio><\/td>\n<\/tr>\n<tr>\n<td><span style=\"font-weight: 400;\">3- CIRCINELLU avec I Muvrini<\/span><\/td>\n<td><audio class=\"wp-audio-shortcode\" id=\"audio-514-16\" preload=\"none\" style=\"width: 100%;\" controls=\"controls\"><source type=\"audio\/mpeg\" src=\"http:\/\/antoine-ciosi.com\/wp-content\/uploads\/2020\/09\/CD2-3-CIRCINELLU.mp3?_=16\" \/><a href=\"http:\/\/antoine-ciosi.com\/wp-content\/uploads\/2020\/09\/CD2-3-CIRCINELLU.mp3\">http:\/\/antoine-ciosi.com\/wp-content\/uploads\/2020\/09\/CD2-3-CIRCINELLU.mp3<\/a><\/audio><\/td>\n<\/tr>\n<tr>\n<td><span style=\"font-weight: 400;\">4- CH\u00cc F\u00c0 avec D.Saliceti, JC Papi, JL Simonpieri, L.Antona, M.Merlandi<\/span><\/td>\n<td><audio class=\"wp-audio-shortcode\" id=\"audio-514-17\" preload=\"none\" style=\"width: 100%;\" controls=\"controls\"><source type=\"audio\/mpeg\" src=\"http:\/\/antoine-ciosi.com\/wp-content\/uploads\/2020\/09\/CD2-4-CHI-FA.mp3?_=17\" \/><a href=\"http:\/\/antoine-ciosi.com\/wp-content\/uploads\/2020\/09\/CD2-4-CHI-FA.mp3\">http:\/\/antoine-ciosi.com\/wp-content\/uploads\/2020\/09\/CD2-4-CHI-FA.mp3<\/a><\/audio><\/td>\n<\/tr>\n<tr>\n<td><span style=\"font-weight: 400;\">5- U 173 avec Jean-Paul Poletti<\/span><\/td>\n<td><audio class=\"wp-audio-shortcode\" id=\"audio-514-18\" preload=\"none\" style=\"width: 100%;\" controls=\"controls\"><source type=\"audio\/mpeg\" src=\"http:\/\/antoine-ciosi.com\/wp-content\/uploads\/2020\/09\/CD2-5-U-173.mp3?_=18\" \/><a href=\"http:\/\/antoine-ciosi.com\/wp-content\/uploads\/2020\/09\/CD2-5-U-173.mp3\">http:\/\/antoine-ciosi.com\/wp-content\/uploads\/2020\/09\/CD2-5-U-173.mp3<\/a><\/audio><\/td>\n<\/tr>\n<tr>\n<td><span style=\"font-weight: 400;\">6- U RITRATTU avec Anghjula Potentini<\/span><\/td>\n<td><audio class=\"wp-audio-shortcode\" id=\"audio-514-19\" preload=\"none\" style=\"width: 100%;\" controls=\"controls\"><source type=\"audio\/mpeg\" src=\"http:\/\/antoine-ciosi.com\/wp-content\/uploads\/2020\/09\/CD2-6-U-RITRATTU.mp3?_=19\" \/><a href=\"http:\/\/antoine-ciosi.com\/wp-content\/uploads\/2020\/09\/CD2-6-U-RITRATTU.mp3\">http:\/\/antoine-ciosi.com\/wp-content\/uploads\/2020\/09\/CD2-6-U-RITRATTU.mp3<\/a><\/audio><\/td>\n<\/tr>\n<tr>\n<td><span style=\"font-weight: 400;\">7- PAMPASGIOLU avec Jean-Luc Geronimi<\/span><\/td>\n<td><audio class=\"wp-audio-shortcode\" id=\"audio-514-20\" preload=\"none\" style=\"width: 100%;\" controls=\"controls\"><source type=\"audio\/mpeg\" src=\"http:\/\/antoine-ciosi.com\/wp-content\/uploads\/2020\/09\/CD2-7-PAMPASGIOLU.mp3?_=20\" \/><a href=\"http:\/\/antoine-ciosi.com\/wp-content\/uploads\/2020\/09\/CD2-7-PAMPASGIOLU.mp3\">http:\/\/antoine-ciosi.com\/wp-content\/uploads\/2020\/09\/CD2-7-PAMPASGIOLU.mp3<\/a><\/audio><\/td>\n<\/tr>\n<tr>\n<td><span style=\"font-weight: 400;\">8- U MATRIMONIU avec Andria Aitelli<\/span><\/td>\n<td><audio class=\"wp-audio-shortcode\" id=\"audio-514-21\" preload=\"none\" style=\"width: 100%;\" controls=\"controls\"><source type=\"audio\/mpeg\" src=\"http:\/\/antoine-ciosi.com\/wp-content\/uploads\/2020\/09\/CD2-8-U-MATRIMONIU.mp3?_=21\" \/><a href=\"http:\/\/antoine-ciosi.com\/wp-content\/uploads\/2020\/09\/CD2-8-U-MATRIMONIU.mp3\">http:\/\/antoine-ciosi.com\/wp-content\/uploads\/2020\/09\/CD2-8-U-MATRIMONIU.mp3<\/a><\/audio><\/td>\n<\/tr>\n<tr>\n<td><span style=\"font-weight: 400;\">9- LE DERNIER DES BANDITS avec Christophe Mondoloni<\/span><\/td>\n<td><audio class=\"wp-audio-shortcode\" id=\"audio-514-22\" preload=\"none\" style=\"width: 100%;\" controls=\"controls\"><source type=\"audio\/mpeg\" src=\"http:\/\/antoine-ciosi.com\/wp-content\/uploads\/2020\/09\/CD2-9-LE-DERNIER-DES-BANDITS.mp3?_=22\" \/><a href=\"http:\/\/antoine-ciosi.com\/wp-content\/uploads\/2020\/09\/CD2-9-LE-DERNIER-DES-BANDITS.mp3\">http:\/\/antoine-ciosi.com\/wp-content\/uploads\/2020\/09\/CD2-9-LE-DERNIER-DES-BANDITS.mp3<\/a><\/audio><\/td>\n<\/tr>\n<tr>\n<td><span style=\"font-weight: 400;\">10- GHJASEPPU \u00c8 LILLIA avec Jean-Pierre Marcellesi<\/span><\/td>\n<td><audio class=\"wp-audio-shortcode\" id=\"audio-514-23\" preload=\"none\" style=\"width: 100%;\" controls=\"controls\"><source type=\"audio\/mpeg\" src=\"http:\/\/antoine-ciosi.com\/wp-content\/uploads\/2020\/09\/CD2-10-GHJASEPPU-E-LILLIA-.mp3?_=23\" \/><a href=\"http:\/\/antoine-ciosi.com\/wp-content\/uploads\/2020\/09\/CD2-10-GHJASEPPU-E-LILLIA-.mp3\">http:\/\/antoine-ciosi.com\/wp-content\/uploads\/2020\/09\/CD2-10-GHJASEPPU-E-LILLIA-.mp3<\/a><\/audio><\/td>\n<\/tr>\n<tr>\n<td><span style=\"font-weight: 400;\">11- NOSTALGIA avec Fel\u00ec<\/span><\/td>\n<td><audio class=\"wp-audio-shortcode\" id=\"audio-514-24\" preload=\"none\" style=\"width: 100%;\" controls=\"controls\"><source type=\"audio\/mpeg\" src=\"http:\/\/antoine-ciosi.com\/wp-content\/uploads\/2020\/09\/CD2-11-NOSTALGIA.mp3?_=24\" \/><a href=\"http:\/\/antoine-ciosi.com\/wp-content\/uploads\/2020\/09\/CD2-11-NOSTALGIA.mp3\">http:\/\/antoine-ciosi.com\/wp-content\/uploads\/2020\/09\/CD2-11-NOSTALGIA.mp3<\/a><\/audio><\/td>\n<\/tr>\n<tr>\n<td><span style=\"font-weight: 400;\">12- LE PORTE-CROIX avec Patrick Fiori<\/span><\/td>\n<td><audio class=\"wp-audio-shortcode\" id=\"audio-514-25\" preload=\"none\" style=\"width: 100%;\" controls=\"controls\"><source type=\"audio\/mpeg\" src=\"http:\/\/antoine-ciosi.com\/wp-content\/uploads\/2020\/09\/CD2-12-LE-PORTE-CROIX.mp3?_=25\" \/><a href=\"http:\/\/antoine-ciosi.com\/wp-content\/uploads\/2020\/09\/CD2-12-LE-PORTE-CROIX.mp3\">http:\/\/antoine-ciosi.com\/wp-content\/uploads\/2020\/09\/CD2-12-LE-PORTE-CROIX.mp3<\/a><\/audio><\/td>\n<\/tr>\n<tr>\n<td><span style=\"font-weight: 400;\">13- \u00c0 L&rsquo;ALTRU MONDU avec Diana Saliceti<\/span><\/td>\n<td><audio class=\"wp-audio-shortcode\" id=\"audio-514-26\" preload=\"none\" style=\"width: 100%;\" controls=\"controls\"><source type=\"audio\/mpeg\" src=\"http:\/\/antoine-ciosi.com\/wp-content\/uploads\/2020\/09\/CD2-13-A-L_ALTRU-MONDU.mp3?_=26\" \/><a href=\"http:\/\/antoine-ciosi.com\/wp-content\/uploads\/2020\/09\/CD2-13-A-L_ALTRU-MONDU.mp3\">http:\/\/antoine-ciosi.com\/wp-content\/uploads\/2020\/09\/CD2-13-A-L_ALTRU-MONDU.mp3<\/a><\/audio><\/td>\n<\/tr>\n<tr>\n<td><span style=\"font-weight: 400;\">14- QUANTU S\u00cc CAMBIATA avec Jean-Louis Simonpieri<\/span><\/td>\n<td><audio class=\"wp-audio-shortcode\" id=\"audio-514-27\" preload=\"none\" style=\"width: 100%;\" controls=\"controls\"><source type=\"audio\/mpeg\" src=\"http:\/\/antoine-ciosi.com\/wp-content\/uploads\/2020\/09\/CD2-14-QUANTU-SI-CAMBIATA.mp3?_=27\" \/><a href=\"http:\/\/antoine-ciosi.com\/wp-content\/uploads\/2020\/09\/CD2-14-QUANTU-SI-CAMBIATA.mp3\">http:\/\/antoine-ciosi.com\/wp-content\/uploads\/2020\/09\/CD2-14-QUANTU-SI-CAMBIATA.mp3<\/a><\/audio><\/td>\n<\/tr>\n<\/tbody>\n<\/table>\n","protected":false},"excerpt":{"rendered":"<p><strong>Nouveau double Album de 27 grands succ\u00e8s d&rsquo;Antoine Ciosi chant\u00e9s en DUO enti\u00e8rement revisit\u00e9s tant dans l&rsquo;interpr\u00e9tation vocale que dans les arrangements.<br \/>\n<\/strong><\/p>\n[audio mp3=\"http:\/\/antoine-ciosi.com\/wp-content\/uploads\/2020\/09\/Antoine-CIOSI-Extrait.mp3\"][\/audio]\n<p>Avec I Muvrini, Patrick Fiori, Fel\u00ec, Jean-Claude Acquaviva\u00a0 (A Filetta),\u00a0 Jean-Paul Poletti, Maxime Merlandi (Barbara Furtuna), Jean-Pierre Marcellesi, Jean-Charles Papi, Tao-by, Diana Saliceti, Lea Antona, Doria Ousset, Christophe Mondoloni, Jean-Vincent Servetto, Franc\u00e8 Zito, Jean-Luc Geronimi, Arnaud Giacomoni,\u00a0 Anghjula Potentini, Jean-Louis Simonpieri, J\u00e9r\u00f4me Ferrari, Andria Aitelli<\/p>\n","protected":false},"featured_media":534,"comment_status":"open","ping_status":"closed","template":"","meta":{"jetpack_post_was_ever_published":false,"jetpack_publicize_message":"","jetpack_publicize_feature_enabled":true,"jetpack_social_post_already_shared":true,"jetpack_social_options":{"image_generator_settings":{"template":"highway","default_image_id":0,"font":"","enabled":false},"version":2}},"product_brand":[],"product_cat":[21],"product_tag":[40],"class_list":{"0":"post-514","1":"product","2":"type-product","3":"status-publish","4":"has-post-thumbnail","6":"product_cat-album","7":"product_tag-40","9":"first","10":"instock","11":"featured","12":"shipping-taxable","13":"purchasable","14":"product-type-simple"},"yoast_head":"<!-- This site is optimized with the Yoast SEO plugin v16.7 - https:\/\/yoast.com\/wordpress\/plugins\/seo\/ -->\n<title>Double Album &quot;DUETTI &quot; - Antoine CIOSI<\/title>\n<meta name=\"robots\" content=\"index, follow, max-snippet:-1, max-image-preview:large, max-video-preview:-1\" \/>\n<link rel=\"canonical\" href=\"https:\/\/antoine-ciosi.com\/index.php\/produit\/duetti\/\" \/>\n<meta property=\"og:locale\" content=\"fr_FR\" \/>\n<meta property=\"og:type\" content=\"article\" \/>\n<meta property=\"og:title\" content=\"Double Album &quot;DUETTI &quot; - Antoine CIOSI\" \/>\n<meta property=\"og:description\" content=\"Nouveau double Album de 27 grands succ\u00e8s d&#039;Antoine Ciosi chant\u00e9s en DUO enti\u00e8rement revisit\u00e9s tant dans l&#039;interpr\u00e9tation vocale que dans les arrangements.     Avec I Muvrini, Patrick Fiori, Fel\u00ec, Jean-Claude Acquaviva\u00a0 (A Filetta),\u00a0 Jean-Paul Poletti, Maxime Merlandi (Barbara Furtuna), Jean-Pierre Marcellesi, Jean-Charles Papi, Tao-by, Diana Saliceti, Lea Antona, Doria Ousset, Christophe Mondoloni, Jean-Vincent Servetto, Franc\u00e8 Zito, Jean-Luc Geronimi, Arnaud Giacomoni,\u00a0 Anghjula Potentini, Jean-Louis Simonpieri, J\u00e9r\u00f4me Ferrari, Andria Aitelli\" \/>\n<meta property=\"og:url\" content=\"https:\/\/antoine-ciosi.com\/index.php\/produit\/duetti\/\" \/>\n<meta property=\"og:site_name\" content=\"Antoine CIOSI\" \/>\n<meta property=\"article:modified_time\" content=\"2025-03-21T07:42:41+00:00\" \/>\n<meta property=\"og:image\" content=\"https:\/\/i2.wp.com\/antoine-ciosi.com\/wp-content\/uploads\/2020\/09\/ACIOSI-COVER0.jpg?fit=1437%2C1474&#038;ssl=1\" \/>\n\t<meta property=\"og:image:width\" content=\"1437\" \/>\n\t<meta property=\"og:image:height\" content=\"1474\" \/>\n<meta name=\"twitter:card\" content=\"summary_large_image\" \/>\n<meta name=\"twitter:label1\" content=\"Dur\u00e9e de lecture est.\" \/>\n\t<meta name=\"twitter:data1\" content=\"4 minutes\" \/>\n<script type=\"application\/ld+json\" class=\"yoast-schema-graph\">{\"@context\":\"https:\/\/schema.org\",\"@graph\":[{\"@type\":\"WebSite\",\"@id\":\"https:\/\/antoine-ciosi.com\/#website\",\"url\":\"https:\/\/antoine-ciosi.com\/\",\"name\":\"Antoine CIOSI\",\"description\":\"Nouvel Album - Babbu \\u00e8 Figliolu - En vente d\\u00e8s maintenant\",\"potentialAction\":[{\"@type\":\"SearchAction\",\"target\":{\"@type\":\"EntryPoint\",\"urlTemplate\":\"https:\/\/antoine-ciosi.com\/?s={search_term_string}\"},\"query-input\":\"required name=search_term_string\"}],\"inLanguage\":\"fr-FR\"},{\"@type\":\"ImageObject\",\"@id\":\"https:\/\/antoine-ciosi.com\/index.php\/produit\/duetti\/#primaryimage\",\"inLanguage\":\"fr-FR\",\"url\":\"https:\/\/i0.wp.com\/antoine-ciosi.com\/wp-content\/uploads\/2020\/09\/ACIOSI-COVER0.jpg?fit=1437%2C1474&ssl=1\",\"contentUrl\":\"https:\/\/i0.wp.com\/antoine-ciosi.com\/wp-content\/uploads\/2020\/09\/ACIOSI-COVER0.jpg?fit=1437%2C1474&ssl=1\",\"width\":1437,\"height\":1474,\"caption\":\"Antoine Ciosi - DUETTI\"},{\"@type\":\"WebPage\",\"@id\":\"https:\/\/antoine-ciosi.com\/index.php\/produit\/duetti\/#webpage\",\"url\":\"https:\/\/antoine-ciosi.com\/index.php\/produit\/duetti\/\",\"name\":\"Double Album \\\"DUETTI \\\" - Antoine CIOSI\",\"isPartOf\":{\"@id\":\"https:\/\/antoine-ciosi.com\/#website\"},\"primaryImageOfPage\":{\"@id\":\"https:\/\/antoine-ciosi.com\/index.php\/produit\/duetti\/#primaryimage\"},\"datePublished\":\"2020-09-01T17:17:22+00:00\",\"dateModified\":\"2025-03-21T07:42:41+00:00\",\"breadcrumb\":{\"@id\":\"https:\/\/antoine-ciosi.com\/index.php\/produit\/duetti\/#breadcrumb\"},\"inLanguage\":\"fr-FR\",\"potentialAction\":[{\"@type\":\"ReadAction\",\"target\":[\"https:\/\/antoine-ciosi.com\/index.php\/produit\/duetti\/\"]}]},{\"@type\":\"BreadcrumbList\",\"@id\":\"https:\/\/antoine-ciosi.com\/index.php\/produit\/duetti\/#breadcrumb\",\"itemListElement\":[{\"@type\":\"ListItem\",\"position\":1,\"name\":\"Accueil\",\"item\":\"https:\/\/antoine-ciosi.com\/\"},{\"@type\":\"ListItem\",\"position\":2,\"name\":\"Achat de CD\",\"item\":\"https:\/\/antoine-ciosi.com\/index.php\/shop\/\"},{\"@type\":\"ListItem\",\"position\":3,\"name\":\"Double Album \\u00ab\\u00a0DUETTI \\u00ab\\u00a0\"}]}]}<\/script>\n<!-- \/ Yoast SEO plugin. -->","yoast_head_json":{"title":"Double Album \"DUETTI \" - Antoine CIOSI","robots":{"index":"index","follow":"follow","max-snippet":"max-snippet:-1","max-image-preview":"max-image-preview:large","max-video-preview":"max-video-preview:-1"},"canonical":"https:\/\/antoine-ciosi.com\/index.php\/produit\/duetti\/","og_locale":"fr_FR","og_type":"article","og_title":"Double Album \"DUETTI \" - Antoine CIOSI","og_description":"Nouveau double Album de 27 grands succ\u00e8s d'Antoine Ciosi chant\u00e9s en DUO enti\u00e8rement revisit\u00e9s tant dans l'interpr\u00e9tation vocale que dans les arrangements.     Avec I Muvrini, Patrick Fiori, Fel\u00ec, Jean-Claude Acquaviva\u00a0 (A Filetta),\u00a0 Jean-Paul Poletti, Maxime Merlandi (Barbara Furtuna), Jean-Pierre Marcellesi, Jean-Charles Papi, Tao-by, Diana Saliceti, Lea Antona, Doria Ousset, Christophe Mondoloni, Jean-Vincent Servetto, Franc\u00e8 Zito, Jean-Luc Geronimi, Arnaud Giacomoni,\u00a0 Anghjula Potentini, Jean-Louis Simonpieri, J\u00e9r\u00f4me Ferrari, Andria Aitelli","og_url":"https:\/\/antoine-ciosi.com\/index.php\/produit\/duetti\/","og_site_name":"Antoine CIOSI","article_modified_time":"2025-03-21T07:42:41+00:00","og_image":[{"width":1437,"height":1474,"url":"https:\/\/i2.wp.com\/antoine-ciosi.com\/wp-content\/uploads\/2020\/09\/ACIOSI-COVER0.jpg?fit=1437%2C1474&ssl=1","path":"\/home\/antoinectp\/www\/wp-content\/uploads\/2020\/09\/ACIOSI-COVER0.jpg","size":"full","id":534,"alt":"Antoine Ciosi - DUETTI","pixels":2118138,"type":"image\/jpeg"}],"twitter_card":"summary_large_image","twitter_misc":{"Dur\u00e9e de lecture est.":"4 minutes"},"schema":{"@context":"https:\/\/schema.org","@graph":[{"@type":"WebSite","@id":"https:\/\/antoine-ciosi.com\/#website","url":"https:\/\/antoine-ciosi.com\/","name":"Antoine CIOSI","description":"Nouvel Album - Babbu \u00e8 Figliolu - En vente d\u00e8s maintenant","potentialAction":[{"@type":"SearchAction","target":{"@type":"EntryPoint","urlTemplate":"https:\/\/antoine-ciosi.com\/?s={search_term_string}"},"query-input":"required name=search_term_string"}],"inLanguage":"fr-FR"},{"@type":"ImageObject","@id":"https:\/\/antoine-ciosi.com\/index.php\/produit\/duetti\/#primaryimage","inLanguage":"fr-FR","url":"https:\/\/i0.wp.com\/antoine-ciosi.com\/wp-content\/uploads\/2020\/09\/ACIOSI-COVER0.jpg?fit=1437%2C1474&ssl=1","contentUrl":"https:\/\/i0.wp.com\/antoine-ciosi.com\/wp-content\/uploads\/2020\/09\/ACIOSI-COVER0.jpg?fit=1437%2C1474&ssl=1","width":1437,"height":1474,"caption":"Antoine Ciosi - DUETTI"},{"@type":"WebPage","@id":"https:\/\/antoine-ciosi.com\/index.php\/produit\/duetti\/#webpage","url":"https:\/\/antoine-ciosi.com\/index.php\/produit\/duetti\/","name":"Double Album \"DUETTI \" - Antoine CIOSI","isPartOf":{"@id":"https:\/\/antoine-ciosi.com\/#website"},"primaryImageOfPage":{"@id":"https:\/\/antoine-ciosi.com\/index.php\/produit\/duetti\/#primaryimage"},"datePublished":"2020-09-01T17:17:22+00:00","dateModified":"2025-03-21T07:42:41+00:00","breadcrumb":{"@id":"https:\/\/antoine-ciosi.com\/index.php\/produit\/duetti\/#breadcrumb"},"inLanguage":"fr-FR","potentialAction":[{"@type":"ReadAction","target":["https:\/\/antoine-ciosi.com\/index.php\/produit\/duetti\/"]}]},{"@type":"BreadcrumbList","@id":"https:\/\/antoine-ciosi.com\/index.php\/produit\/duetti\/#breadcrumb","itemListElement":[{"@type":"ListItem","position":1,"name":"Accueil","item":"https:\/\/antoine-ciosi.com\/"},{"@type":"ListItem","position":2,"name":"Achat de CD","item":"https:\/\/antoine-ciosi.com\/index.php\/shop\/"},{"@type":"ListItem","position":3,"name":"Double Album \u00ab\u00a0DUETTI \u00ab\u00a0"}]}]}},"jetpack_publicize_connections":[],"jetpack_sharing_enabled":true,"_links":{"self":[{"href":"https:\/\/antoine-ciosi.com\/index.php\/wp-json\/wp\/v2\/product\/514","targetHints":{"allow":["GET"]}}],"collection":[{"href":"https:\/\/antoine-ciosi.com\/index.php\/wp-json\/wp\/v2\/product"}],"about":[{"href":"https:\/\/antoine-ciosi.com\/index.php\/wp-json\/wp\/v2\/types\/product"}],"replies":[{"embeddable":true,"href":"https:\/\/antoine-ciosi.com\/index.php\/wp-json\/wp\/v2\/comments?post=514"}],"wp:featuredmedia":[{"embeddable":true,"href":"https:\/\/antoine-ciosi.com\/index.php\/wp-json\/wp\/v2\/media\/534"}],"wp:attachment":[{"href":"https:\/\/antoine-ciosi.com\/index.php\/wp-json\/wp\/v2\/media?parent=514"}],"wp:term":[{"taxonomy":"product_brand","embeddable":true,"href":"https:\/\/antoine-ciosi.com\/index.php\/wp-json\/wp\/v2\/product_brand?post=514"},{"taxonomy":"product_cat","embeddable":true,"href":"https:\/\/antoine-ciosi.com\/index.php\/wp-json\/wp\/v2\/product_cat?post=514"},{"taxonomy":"product_tag","embeddable":true,"href":"https:\/\/antoine-ciosi.com\/index.php\/wp-json\/wp\/v2\/product_tag?post=514"}],"curies":[{"name":"wp","href":"https:\/\/api.w.org\/{rel}","templated":true}]}}